{"id":3330,"date":"2025-01-23T16:00:27","date_gmt":"2025-01-23T16:00:27","guid":{"rendered":"https:\/\/elcubodebaco.es\/?page_id=3330"},"modified":"2025-01-23T16:47:25","modified_gmt":"2025-01-23T16:47:25","slug":"cata-bodega-vera-de-estenas","status":"publish","type":"page","link":"https:\/\/elcubodebaco.es\/en\/cata-bodega-vera-de-estenas\/","title":{"rendered":"cata bodega vera de estenas"},"content":{"rendered":"<div data-elementor-type=\"wp-page\" data-elementor-id=\"3330\" class=\"elementor elementor-3330\" data-elementor-post-type=\"page\">\n\t\t\t\t\t\t<section class=\"elementor-section elementor-top-section elementor-element elementor-element-e7587b2 elementor-section-height-full elementor-section-boxed elementor-section-height-default elementor-section-items-middle\" data-id=\"e7587b2\" data-element_type=\"section\" data-settings=\"{&quot;background_background&quot;:&quot;classic&quot;,&quot;shape_divider_bottom&quot;:&quot;opacity-fan&quot;}\">\n\t\t\t\t\t\t\t<div class=\"elementor-background-overlay\"><\/div>\n\t\t\t\t\t\t<div class=\"elementor-shape elementor-shape-bottom\" data-negative=\"false\">\n\t\t\t<svg xmlns=\"http:\/\/www.w3.org\/2000\/svg\" viewbox=\"0 0 283.5 19.6\" preserveaspectratio=\"none\">\n\t<path class=\"elementor-shape-fill\" style=\"opacity:0.33\" d=\"M0 0L0 18.8 141.8 4.1 283.5 18.8 283.5 0z\"\/>\n\t<path class=\"elementor-shape-fill\" style=\"opacity:0.33\" d=\"M0 0L0 12.6 141.8 4 283.5 12.6 283.5 0z\"\/>\n\t<path class=\"elementor-shape-fill\" style=\"opacity:0.33\" d=\"M0 0L0 6.4 141.8 4 283.5 6.4 283.5 0z\"\/>\n\t<path class=\"elementor-shape-fill\" d=\"M0 0L0 1.2 141.8 4 283.5 1.2 283.5 0z\"\/>\n<\/svg>\t\t<\/div>\n\t\t\t\t\t<div class=\"elementor-container elementor-column-gap-default\">\n\t\t\t\t\t<div class=\"elementor-column elementor-col-50 elementor-top-column elementor-element elementor-element-7238126\" data-id=\"7238126\" data-element_type=\"column\">\n\t\t\t<div class=\"elementor-widget-wrap elementor-element-populated\">\n\t\t\t\t\t\t<div class=\"elementor-element elementor-element-de3320b elementor-widget elementor-widget-heading\" data-id=\"de3320b\" data-element_type=\"widget\" data-widget_type=\"heading.default\">\n\t\t\t\t<div class=\"elementor-widget-container\">\n\t\t\t\t\t<h1 class=\"elementor-heading-title elementor-size-default\">Cata y Maridaje: Descubre los secretos de los vinos de Vera de Estenas<\/h1>\t\t\t\t<\/div>\n\t\t\t\t<\/div>\n\t\t\t\t<div class=\"elementor-element elementor-element-6d91b60 elementor-widget elementor-widget-text-editor\" data-id=\"6d91b60\" data-element_type=\"widget\" data-widget_type=\"text-editor.default\">\n\t\t\t\t<div class=\"elementor-widget-container\">\n\t\t\t\t\t\t\t\t\t<ul data-spread=\"false\" data-pm-slice=\"3 3 []\"><li><p><strong>Fecha:<\/strong> 13 de febrero de 2025<\/p><\/li><li><p><strong>Hora:<\/strong> 20:00 hrs<\/p><\/li><li><p><strong>Lugar:<\/strong> The Cube of Bacchus<\/p><\/li><li><p><strong>Precio:<\/strong> 20 \u20ac por persona<\/p><\/li><\/ul>\t\t\t\t\t\t\t\t<\/div>\n\t\t\t\t<\/div>\n\t\t\t\t\t<\/div>\n\t\t<\/div>\n\t\t\t\t<div class=\"elementor-column elementor-col-50 elementor-top-column elementor-element elementor-element-3d9afaa\" data-id=\"3d9afaa\" data-element_type=\"column\">\n\t\t\t<div class=\"elementor-widget-wrap elementor-element-populated\">\n\t\t\t\t\t\t<div class=\"elementor-element elementor-element-b62130d elementor-widget elementor-widget-image\" data-id=\"b62130d\" data-element_type=\"widget\" data-widget_type=\"image.default\">\n\t\t\t\t<div class=\"elementor-widget-container\">\n\t\t\t\t\t\t\t\t\t\t\t\t\t\t\t<img fetchpriority=\"high\" decoding=\"async\" width=\"468\" height=\"559\" src=\"https:\/\/elcubodebaco.es\/wp-content\/uploads\/2025\/01\/botellas-estenas.webp\" class=\"attachment-large size-large wp-image-3343\" alt=\"\" srcset=\"https:\/\/elcubodebaco.es\/wp-content\/uploads\/2025\/01\/botellas-estenas.webp 468w, https:\/\/elcubodebaco.es\/wp-content\/uploads\/2025\/01\/botellas-estenas-251x300.webp 251w, https:\/\/elcubodebaco.es\/wp-content\/uploads\/2025\/01\/botellas-estenas-167x200.webp 167w, https:\/\/elcubodebaco.es\/wp-content\/uploads\/2025\/01\/botellas-estenas-10x12.webp 10w\" sizes=\"(max-width: 468px) 100vw, 468px\" title=\"\">\t\t\t\t\t\t\t\t\t\t\t\t\t\t\t<\/div>\n\t\t\t\t<\/div>\n\t\t\t\t\t<\/div>\n\t\t<\/div>\n\t\t\t\t\t<\/div>\n\t\t<\/section>\n\t\t\t\t<section class=\"elementor-section elementor-top-section elementor-element elementor-element-c1ed57e elementor-section-boxed elementor-section-height-default elementor-section-height-default\" data-id=\"c1ed57e\" data-element_type=\"section\">\n\t\t\t\t\t\t<div class=\"elementor-container elementor-column-gap-default\">\n\t\t\t\t\t<div class=\"elementor-column elementor-col-100 elementor-top-column elementor-element elementor-element-3b78983\" data-id=\"3b78983\" data-element_type=\"column\">\n\t\t\t<div class=\"elementor-widget-wrap elementor-element-populated\">\n\t\t\t\t\t\t<div class=\"elementor-element elementor-element-3e5f169 elementor-widget elementor-widget-text-editor\" data-id=\"3e5f169\" data-element_type=\"widget\" data-widget_type=\"text-editor.default\">\n\t\t\t\t<div class=\"elementor-widget-container\">\n\t\t\t\t\t\t\t\t\t<p data-pm-slice=\"1 1 []\">Prep\u00e1rate para una experiencia inolvidable en <strong>The Cube of Bacchus<\/strong>, donde te invitamos a una exclusiva cata de vinos de la prestigiosa bodega <a href=\"https:\/\/veradeestenas.es\" target=\"_blank\" rel=\"noopener\"><strong>Vera de Estenas<\/strong><\/a>, ubicada en el coraz\u00f3n de Utiel.<\/p><p data-pm-slice=\"1 1 []\">Sum\u00e9rgete en el apasionante mundo del vino con tres joyas elaboradas con m\u00e9todos tradicionales en tinajas de barro, lo que les confiere un car\u00e1cter \u00fanico y aut\u00e9ntico.<\/p><p data-pm-slice=\"1 1 []\">Todo esto acompa\u00f1ado de un maridaje especialmente dise\u00f1ado para que disfrutes cada sorbo al m\u00e1ximo.<\/p><h3><span style=\"color: #993366;\"><strong>\u00bfQu\u00e9 incluye esta experiencia?<\/strong><\/span><\/h3><ul data-spread=\"false\"><li><p><strong>Degustaci\u00f3n guiada por expertos<\/strong> de tres vinos excepcionales:<\/p><ul data-spread=\"false\"><li><p><strong>El Bobal de Estenas<\/strong>: Una celebraci\u00f3n de la autenticidad y la historia de Utiel con la uva aut\u00f3ctona Bobal. Este vino rescata m\u00e9todos ancestrales para ofrecer una experiencia \u00fanica.<\/p><\/li><li><p><strong>La Tardana de Estenas<\/strong>: Fresco y frutoso, este blanco 100% Tardana destaca por su color pajizo brillante, aromas a frutas blancas y hierbas silvestres, y un final largo y equilibrado.<\/p><\/li><li><p><strong>El Rosado de Estenas<\/strong>: Un vino equilibrado y expresivo, con un color rosa vivo, aromas florales y minerales que te cautivar\u00e1n. En boca, fresco y sabroso.<\/p><\/li><\/ul><\/li><li><p><strong>Maridaje especial<\/strong> que realza cada nota y aroma de los vinos.<\/p><\/li><li><p>Un ambiente c\u00e1lido y exclusivo en <strong>The Cube of Bacchus<\/strong>, ideal para compartir esta experiencia con amigos o pareja.<\/p><\/li><\/ul><h3><span style=\"color: #993366;\"><strong>Detalles del evento<\/strong><\/span><\/h3><ul data-spread=\"false\"><li><p><strong>Fecha:<\/strong> 13 de febrero de 2025<\/p><\/li><li><p><strong>Hora:<\/strong> 20:00 hrs<\/p><\/li><li><p><strong>Lugar:<\/strong> The Cube of Bacchus<\/p><\/li><li><p><strong>Precio:<\/strong> 20 \u20ac por persona<\/p><\/li><\/ul><h3><span style=\"color: #993366;\"><strong>Reserva tu plaza ahora<\/strong><\/span><\/h3><p>Las plazas son limitadas para garantizar una experiencia \u00edntima y personalizada. No te quedes fuera y asegura tu lugar ahora mismo.<\/p>\t\t\t\t\t\t\t\t<\/div>\n\t\t\t\t<\/div>\n\t\t\t\t<div class=\"elementor-element elementor-element-12ba5bd fluent-form-widget-step-header-yes fluent-form-widget-step-progressbar-yes fluentform-widget-submit-button-custom elementor-widget elementor-widget-fluent-form-widget\" data-id=\"12ba5bd\" data-element_type=\"widget\" data-widget_type=\"fluent-form-widget.default\">\n\t\t\t\t<div class=\"elementor-widget-container\">\n\t\t\t\t\t\n            <div class=\"fluentform-widget-wrapper fluentform-widget-align-default\">\n\n            \n            <div class='fluentform ff-inherit-theme-style fluentform_wrapper_8'><form data-form_id=\"8\" id=\"fluentform_8\" class=\"frm-fluent-form fluent_form_8 ff-el-form-top ff_form_instance_8_1 ff-form-loading ff_has_v3_recptcha ffs_inherit_theme\" data-form_instance=\"ff_form_instance_8_1\" method=\"POST\" data-recptcha_key=\"6Lc2Ps0mAAAAADJrAougfhWzUoXunj5ALxxbHrve\" action=\"\" ><fieldset  style=\"border: none!important;margin: 0!important;padding: 0!important;background-color: transparent!important;box-shadow: none!important;outline: none!important; min-inline-size: 100%;\">\n                    <legend class=\"ff_screen_reader_title\" style=\"display: block; margin: 0!important;padding: 0!important;height: 0!important;text-indent: -999999px;width: 0!important;overflow:hidden;\">Formulario Cata Jim\u00e9nez Vila (#8)<\/legend><input type='hidden' name='__fluent_form_embded_post_id' value='3330' \/><input type=\"hidden\" id=\"_fluentform_8_fluentformnonce\" name=\"_fluentform_8_fluentformnonce\" value=\"039c80e006\" \/><input type=\"hidden\" name=\"_wp_http_referer\" value=\"\/en\/wp-json\/wp\/v2\/pages\/3330\" \/><div data-name=\"ff_cn_id_1\"  class='ff-t-container ff-column-container ff_columns_total_2'><div class='ff-t-cell ff-t-column-1' style='flex-basis: 50%;'><div data-type=\"name-element\" data-name=\"names\" class=\"ff-field_container ff-name-field-wrapper\" ><div class='ff-t-container'><div class='ff-t-cell'><div class='ff-el-group ff-el-form-top'><div class=\"ff-el-input--label ff-el-is-required asterisk-right\"><label for='ff_8_names_first_name_' >Name<\/label><\/div><div class='ff-el-input--content'><input type=\"text\" name=\"names[first_name]\" id=\"ff_8_names_first_name_\" class=\"ff-el-form-control\" placeholder=\"Introduce tu nombre\" aria-invalid=\"false\" aria-required=\"true\"><\/div><\/div><\/div><\/div><\/div><\/div><div class='ff-t-cell ff-t-column-2' style='flex-basis: 50%;'><div class='ff-el-group'><div class=\"ff-el-input--label ff-el-is-required asterisk-right\"><label for='ff_8_email' aria-label=\"Correo electr\u00f3nico\">Correo electr\u00f3nico<\/label><\/div><div class='ff-el-input--content'><input type=\"email\" name=\"email\" id=\"ff_8_email\" class=\"ff-el-form-control\" placeholder=\"Introduce tu correo electr\u00f3nico\" data-name=\"email\"  aria-invalid=\"false\" aria-required=\"true\"><\/div><\/div><\/div><\/div><div data-name=\"ff_cn_id_2\"  class='ff-t-container ff-column-container ff_columns_total_2'><div class='ff-t-cell ff-t-column-1' style='flex-basis: 50%;'><div class='ff-el-group'><div class=\"ff-el-input--label ff-el-is-required asterisk-right\"><label for='ff_8_phone' aria-label=\"Tel\u00e9fono de contacto\">Tel\u00e9fono de contacto<\/label><\/div><div class='ff-el-input--content'><input name=\"phone\" class=\"ff-el-form-control ff-el-phone ff_el_with_extended_validation\" type=\"tel\" placeholder=\"Introduce tu m\u00f3vil\" data-name=\"phone\" id=\"ff_8_phone\" inputmode=\"tel\"  aria-invalid='false' aria-required=\"true\"><\/div><\/div><\/div><div class='ff-t-cell ff-t-column-2' style='flex-basis: 50%;'><div class='ff-el-group'><div class=\"ff-el-input--label ff-el-is-required asterisk-right\"><label for='ff_8_numeric_field' aria-label=\"Asistentes al evento\">Asistentes al evento<\/label><\/div><div class='ff-el-input--content'><input type=\"number\" name=\"numeric_field\" id=\"ff_8_numeric_field\" class=\"ff-el-form-control\" placeholder=\"\u00bfCu\u00e1ntas personas ven\u00eds a la cata?\" data-name=\"numeric_field\" inputmode=\"numeric\" step=\"any\" min=\"1\" aria-valuemin=\"1\" max=\"10\" aria-valuemax=\"10\"  aria-invalid=\"false\" aria-required=\"true\"><\/div><\/div><\/div><\/div><div class='ff-el-group    ff-el-input--content'><div class='ff-el-form-check ff-el-tc'><label aria-label='Doy mi consentimiento para que este sitio web almacene mi informaci\u00f3n enviada para que puedan responder a mi consulta' class='ff-el-form-check-label ff_tc_label' for=\"gdpr-agreement_347bf5f7137cdc13cb76893edc7c6095\"><span class='ff_tc_checkbox'><input type=\"checkbox\" name=\"gdpr-agreement\" class=\"ff-el-form-check-input ff_gdpr_field\" data-name=\"gdpr-agreement\" id=\"gdpr-agreement_347bf5f7137cdc13cb76893edc7c6095\"  value='on' aria-invalid='false' aria-required=\"true\"><\/span> <div class='ff_t_c'>Doy mi consentimiento para que este sitio web almacene mi informaci\u00f3n enviada para que puedan responder a mi consulta<\/div><\/label><\/div><\/div><div class='ff-el-group ff-text-left ff_submit_btn_wrapper'><button type=\"submit\" class=\"ff-btn ff-btn-submit ff-btn-md ff_btn_no_style\" >RESERVAR PLAZA<\/button><\/div><\/fieldset><input type=\"hidden\" name=\"trp-form-language\" value=\"en\"\/><\/form><div id='fluentform_8_errors' class='ff-errors-in-stack ff_form_instance_8_1 ff-form-loading_errors ff_form_instance_8_1_errors'><\/div><\/div>        <script type=\"text\/javascript\">\n            window.fluent_form_ff_form_instance_8_1 = {\"id\":\"8\",\"settings\":{\"layout\":{\"labelPlacement\":\"top\",\"helpMessagePlacement\":\"with_label\",\"errorMessagePlacement\":\"inline\",\"cssClassName\":\"\",\"asteriskPlacement\":\"asterisk-right\"},\"restrictions\":{\"denyEmptySubmission\":{\"enabled\":false}}},\"form_instance\":\"ff_form_instance_8_1\",\"form_id_selector\":\"fluentform_8\",\"rules\":{\"names[first_name]\":{\"required\":{\"value\":true,\"message\":\"This field is required\",\"global_message\":\"Este campo es obligatorio\",\"global\":true}},\"names[middle_name]\":{\"required\":{\"value\":false,\"message\":\"This field is required\",\"global_message\":\"Este campo es obligatorio\",\"global\":true}},\"names[last_name]\":{\"required\":{\"value\":false,\"message\":\"This field is required\",\"global_message\":\"Este campo es obligatorio\",\"global\":true}},\"email\":{\"required\":{\"value\":true,\"message\":\"This field is required\",\"global_message\":\"Este campo es obligatorio\",\"global\":true},\"email\":{\"value\":true,\"message\":\"This field must contain a valid email\",\"global_message\":\"Este campo debe contener un correo electr\\u00f3nico v\\u00e1lido\",\"global\":true}},\"phone\":{\"required\":{\"value\":true,\"global\":true,\"message\":\"This field is required\",\"global_message\":\"Este campo es obligatorio\"},\"valid_phone_number\":{\"value\":true,\"global\":true,\"message\":\"Phone number is not valid\",\"global_message\":\"Phone number is not valid\"}},\"numeric_field\":{\"required\":{\"value\":true,\"message\":\"This field is required\",\"global_message\":\"Este campo es obligatorio\",\"global\":true},\"numeric\":{\"value\":true,\"message\":\"This field must contain numeric value\",\"global_message\":\"Este campo debe contener valor num\\u00e9rico\",\"global\":true},\"min\":{\"value\":\"1\",\"message\":\"Validation fails for minimum value\",\"global_message\":\"La validaci\\u00f3n falla por el valor m\\u00ednimo\",\"global\":true},\"max\":{\"value\":\"10\",\"message\":\"Validation fails for maximum value\",\"global_message\":\"La validaci\\u00f3n falla por el valor m\\u00e1ximo\",\"global\":true},\"digits\":{\"value\":\"\",\"message\":\"Validation fails for limited digits\",\"global_message\":\"La validaci\\u00f3n falla por d\\u00edgitos limitados\",\"global\":true}},\"gdpr-agreement\":{\"required\":{\"value\":true,\"message\":\"This field is required\",\"global_message\":\"Este campo es obligatorio\",\"global\":true}},\"g-recaptcha-response\":[]},\"debounce_time\":300};\n                    <\/script>\n                    <\/div>\n\n            \t\t\t\t<\/div>\n\t\t\t\t<\/div>\n\t\t\t\t<div class=\"elementor-element elementor-element-bdccf64 elementor-widget elementor-widget-text-editor\" data-id=\"bdccf64\" data-element_type=\"widget\" data-widget_type=\"text-editor.default\">\n\t\t\t\t<div class=\"elementor-widget-container\">\n\t\t\t\t\t\t\t\t\t<h3 data-pm-slice=\"1 1 []\"><span style=\"color: #993366;\"><strong>\u00bfPor qu\u00e9 elegir esta cata?<\/strong><\/span><\/h3><ul data-spread=\"false\"><li><p><strong>Vinos con historia y tradici\u00f3n<\/strong>: Elaborados con m\u00e9todos ancestrales en tinajas de barro, cada vino es una expresi\u00f3n aut\u00e9ntica de la tierra y sus ra\u00edces.<\/p><\/li><li><p><strong>Gu\u00eda de expertos<\/strong>: Aprende sobre los secretos detr\u00e1s de cada botella directamente de los mejores conocedores del mundo del vino.<\/p><\/li><li><p><strong>Maridaje pensado para ti<\/strong>: Cada copa estar\u00e1 perfectamente acompa\u00f1ada por sabores que potencian y realzan sus notas \u00fanicas.<\/p><\/li><li><p><strong>Un regalo para tus sentidos<\/strong>: Vive una experiencia enriquecedora que combina aprendizaje, degustaci\u00f3n y buena compa\u00f1\u00eda.<\/p><\/li><\/ul><h2 style=\"text-align: center;\"><span style=\"color: #993366;\">Haz de esta experiencia un regalo para tus sentidos. \u00a1Te esperamos!<\/span><\/h2>\t\t\t\t\t\t\t\t<\/div>\n\t\t\t\t<\/div>\n\t\t\t\t\t<\/div>\n\t\t<\/div>\n\t\t\t\t\t<\/div>\n\t\t<\/section>\n\t\t\t\t<\/div>","protected":false},"excerpt":{"rendered":"<p>Cata y Maridaje: Descubre los secretos de los vinos de Vera de Estenas Fecha: 13 de febrero de 2025 Hora: 20:00 hrs Lugar: El Cubo de Baco Precio: 20 \u20ac por persona Prep\u00e1rate para una experiencia inolvidable en El Cubo de Baco, donde te invitamos a una exclusiva cata de vinos de la prestigiosa bodega&#8230;<\/p>","protected":false},"author":1,"featured_media":0,"parent":0,"menu_order":0,"comment_status":"closed","ping_status":"closed","template":"","meta":{"rank_math_lock_modified_date":false,"_mi_skip_tracking":false,"_monsterinsights_sitenote_active":false,"_monsterinsights_sitenote_note":"","_monsterinsights_sitenote_category":0,"footnotes":""},"class_list":["post-3330","page","type-page","status-publish","hentry"],"_links":{"self":[{"href":"https:\/\/elcubodebaco.es\/en\/wp-json\/wp\/v2\/pages\/3330","targetHints":{"allow":["GET"]}}],"collection":[{"href":"https:\/\/elcubodebaco.es\/en\/wp-json\/wp\/v2\/pages"}],"about":[{"href":"https:\/\/elcubodebaco.es\/en\/wp-json\/wp\/v2\/types\/page"}],"author":[{"embeddable":true,"href":"https:\/\/elcubodebaco.es\/en\/wp-json\/wp\/v2\/users\/1"}],"replies":[{"embeddable":true,"href":"https:\/\/elcubodebaco.es\/en\/wp-json\/wp\/v2\/comments?post=3330"}],"version-history":[{"count":19,"href":"https:\/\/elcubodebaco.es\/en\/wp-json\/wp\/v2\/pages\/3330\/revisions"}],"predecessor-version":[{"id":3356,"href":"https:\/\/elcubodebaco.es\/en\/wp-json\/wp\/v2\/pages\/3330\/revisions\/3356"}],"wp:attachment":[{"href":"https:\/\/elcubodebaco.es\/en\/wp-json\/wp\/v2\/media?parent=3330"}],"curies":[{"name":"wp","href":"https:\/\/api.w.org\/{rel}","templated":true}]}}